{"id":4507,"date":"2026-01-12T11:16:01","date_gmt":"2026-01-12T10:16:01","guid":{"rendered":"https:\/\/www.champdeniers.fr\/?post_type=tribe_events&#038;p=4507"},"modified":"2026-01-12T11:16:14","modified_gmt":"2026-01-12T10:16:14","slug":"dernier-delai-pour-les-inscriptions-sur-listes-electorales","status":"publish","type":"tribe_events","link":"https:\/\/www.champdeniers.fr\/index.php\/event\/dernier-delai-pour-les-inscriptions-sur-listes-electorales\/","title":{"rendered":"Dernier d\u00e9lai pour les inscriptions sur listes \u00e9lectorales"},"content":{"rendered":"<p>Les 15 et 22 mars 2026, vous allez vous rendre aux urnes pour \u00e9lire les conseillers municipaux et communautaires. Vous pouvez d\u00e8s maintenant\u00a0<a title=\"v\u00e9rifier que vous \u00eates bien inscrit sur les listes \u00e9lectorales\" href=\"https:\/\/www.elections.interieur.gouv.fr\/mes-demarches\/je-verifie-ma-situation-electorale\" target=\"_self\">v\u00e9rifier que vous \u00eates bien inscrit sur les listes \u00e9lectorales<\/a>. Si ce n\u2019est pas le cas, vous devez effectuer cette d\u00e9marche :<\/p>\n<ul>\n<li>jusqu\u2019au\u00a0<strong>mercredi 4 f\u00e9vrier 2026<\/strong>\u00a0inclus si vous vous inscrivez\u00a0<strong>en ligne<\/strong>\u00a0;<\/li>\n<li>jusqu\u2019au\u00a0<strong>vendredi 6 f\u00e9vrier 2026<\/strong>\u00a0inclus si vous vous inscrivez\u00a0<strong>en mairie<\/strong>.<\/li>\n<\/ul>\n<p>Pour vous inscrire en ligne sur les listes \u00e9lectorales, connectez-vous sur le site\u00a0<a title=\"Lien externe - service-public.gouv.fr. - Nouvelle fen\u00eatre\" href=\"https:\/\/www.service-public.gouv.fr\/particuliers\/vosdroits\/R16396\" target=\"_blank\" rel=\"noopener\">service-public.gouv.fr.<\/a><\/p>\n<p>Vous pouvez aussi vous inscrire sur les listes \u00e9lectorales de votre commune e<strong>n vous rendant \u00e0 la mairie.<\/strong>\u00a0Il faudra fournir un justificatif d\u2019identit\u00e9, un justificatif de domicile et un\u00a0<a title=\"Lien externe - formulaire cerfa n\u00b012669 - Nouvelle fen\u00eatre\" href=\"https:\/\/www.service-public.gouv.fr\/particuliers\/vosdroits\/R16024\" target=\"_blank\" rel=\"noopener\">formulaire cerfa n\u00b012669<\/a>\u00a0de demande d\u2019inscription. Vous pouvez transmettre votre demande directement par courrier \u00e0 la mairie de votre commune d\u2019inscription.<\/p>\n","protected":false},"excerpt":{"rendered":"<p>Les 15 et 22 mars 2026, vous allez vous rendre aux urnes pour \u00e9lire les conseillers municipaux et communautaires. Vous pouvez d\u00e8s maintenant\u00a0v\u00e9rifier que vous \u00eates bien inscrit sur les [&hellip;]<\/p>\n","protected":false},"author":1,"featured_media":4508,"template":"","meta":{"_et_pb_use_builder":"","_et_pb_old_content":"","_et_gb_content_width":"","_tribe_events_status":"","_tribe_events_status_reason":"","footnotes":""},"tags":[],"tribe_events_cat":[8],"class_list":["post-4507","tribe_events","type-tribe_events","status-publish","has-post-thumbnail","hentry","tribe_events_cat-mairie","cat_mairie"],"publishpress_future_workflow_manual_trigger":{"enabledWorkflows":[]},"_links":{"self":[{"href":"https:\/\/www.champdeniers.fr\/index.php\/wp-json\/wp\/v2\/tribe_events\/4507","targetHints":{"allow":["GET"]}}],"collection":[{"href":"https:\/\/www.champdeniers.fr\/index.php\/wp-json\/wp\/v2\/tribe_events"}],"about":[{"href":"https:\/\/www.champdeniers.fr\/index.php\/wp-json\/wp\/v2\/types\/tribe_events"}],"author":[{"embeddable":true,"href":"https:\/\/www.champdeniers.fr\/index.php\/wp-json\/wp\/v2\/users\/1"}],"version-history":[{"count":1,"href":"https:\/\/www.champdeniers.fr\/index.php\/wp-json\/wp\/v2\/tribe_events\/4507\/revisions"}],"predecessor-version":[{"id":4509,"href":"https:\/\/www.champdeniers.fr\/index.php\/wp-json\/wp\/v2\/tribe_events\/4507\/revisions\/4509"}],"wp:featuredmedia":[{"embeddable":true,"href":"https:\/\/www.champdeniers.fr\/index.php\/wp-json\/wp\/v2\/media\/4508"}],"wp:attachment":[{"href":"https:\/\/www.champdeniers.fr\/index.php\/wp-json\/wp\/v2\/media?parent=4507"}],"wp:term":[{"taxonomy":"post_tag","embeddable":true,"href":"https:\/\/www.champdeniers.fr\/index.php\/wp-json\/wp\/v2\/tags?post=4507"},{"taxonomy":"tribe_events_cat","embeddable":true,"href":"https:\/\/www.champdeniers.fr\/index.php\/wp-json\/wp\/v2\/tribe_events_cat?post=4507"}],"curies":[{"name":"wp","href":"https:\/\/api.w.org\/{rel}","templated":true}]}}